{"id":1819,"date":"2019-04-17T11:18:11","date_gmt":"2019-04-17T14:18:11","guid":{"rendered":"http:\/\/localhost:81\/infolep\/?page_id=1819"},"modified":"2026-01-08T17:40:15","modified_gmt":"2026-01-08T20:40:15","slug":"formularios","status":"publish","type":"page","link":"https:\/\/infolep.assembleia.pr.leg.br\/infolep\/formularios\/","title":{"rendered":"Formul\u00e1rios"},"content":{"rendered":"<div class=\"wpb-content-wrapper\"><p>[vc_row][vc_column css=&#8221;.vc_custom_1555510803131{padding-top: 3rem !important;padding-right: 15% !important;padding-bottom: 1.7rem !important;padding-left: 15% !important;}&#8221;][vc_text_separator title=&#8221;Formul\u00e1rios&#8221; border_width=&#8221;2&#8243;][\/vc_column][\/vc_row][vc_row][vc_column][vc_tta_pageable no_fill_content_area=&#8221;1&#8243; active_section=&#8221;1&#8243; pagination_color=&#8221;blue&#8221;][vc_tta_section title=&#8221;Se\u00e7\u00e3o 1&#8243; tab_id=&#8221;1555521038488-60598666-d451&#8243;][vc_row_inner equal_height=&#8221;yes&#8221; gap=&#8221;35&#8243; el_class=&#8221;row-icons&#8221; css=&#8221;.vc_custom_1555521125859{margin-bottom: 20px !important;}&#8221;][vc_column_inner el_class=&#8221;highlight&#8221; width=&#8221;1\/4&#8243; css=&#8221;.vc_custom_1682014586308{padding-top: 10% !important;padding-right: 15% !important;padding-bottom: 5% !important;padding-left: 15% !important;background-color: #f5f5f5 !important;}&#8221; offset=&#8221;vc_col-lg-3 vc_hidden-lg vc_col-md-6 vc_hidden-md vc_hidden-sm vc_col-xs-12 vc_hidden-xs&#8221;][vc_column_text]<a href=\"https:\/\/infolep.assembleia.pr.leg.br\/infolep\/wp-content\/uploads\/2019\/04\/Viagens-Diarias.pdf\">A.C.E. 1.129\/2016 &#8211; Anexo III<\/a><\/p>\n<p><a href=\"https:\/\/infolep.assembleia.pr.leg.br\/infolep\/wp-content\/uploads\/2019\/04\/Viagens-Diarias.pdf\" class=\"pdfemb-viewer\" style=\"\" data-width=\"max\" data-height=\"max\" data-toolbar=\"bottom\" data-toolbar-fixed=\"off\">Viagens - Diarias<\/a>[\/vc_column_text][\/vc_column_inner][vc_column_inner el_class=&#8221;highlight&#8221; width=&#8221;1\/4&#8243; css=&#8221;.vc_custom_1682014592988{padding-top: 10% !important;padding-right: 15% !important;padding-bottom: 5% !important;padding-left: 15% !important;background-color: #f5f5f5 !important;}&#8221; offset=&#8221;vc_col-lg-3 vc_hidden-lg vc_col-md-6 vc_hidden-md vc_hidden-sm vc_col-xs-12 vc_hidden-xs&#8221;][vc_column_text]<a href=\"https:\/\/infolep.assembleia.pr.leg.br\/infolep\/wp-content\/uploads\/2019\/04\/Viagens-Passagens.pdf\">A.C.E. 1.129\/2016 &#8211; Anexo II Rev.<\/a><\/p>\n<p><a href=\"https:\/\/infolep.assembleia.pr.leg.br\/infolep\/wp-content\/uploads\/2019\/04\/Viagens-Passagens.pdf\" class=\"pdfemb-viewer\" style=\"\" data-width=\"max\" data-height=\"max\" data-toolbar=\"bottom\" data-toolbar-fixed=\"off\">Viagens - Passagens<\/a>[\/vc_column_text][\/vc_column_inner][vc_column_inner el_class=&#8221;highlight&#8221; width=&#8221;1\/4&#8243; offset=&#8221;vc_col-lg-3 vc_col-md-6 vc_col-xs-12&#8243; css=&#8221;.vc_custom_1555521112184{padding-top: 10% !important;padding-right: 15% !important;padding-bottom: 5% !important;padding-left: 15% !important;background-color: #f5f5f5 !important;}&#8221;][vc_column_text]<a href=\"https:\/\/infolep.assembleia.pr.leg.br\/infolep\/wp-content\/uploads\/2022\/08\/Formulario-Declaracao-de-bens-1.pdf\" target=\"_blank\" rel=\"noopener noreferrer\">Declara\u00e7\u00e3o de Imposto de Renda<\/a><\/p>\n<p><a href=\"https:\/\/infolep.assembleia.pr.leg.br\/infolep\/wp-content\/uploads\/2022\/08\/Formulario-Declaracao-de-bens-1.pdf\" class=\"pdfemb-viewer\" style=\"\" data-width=\"max\" data-height=\"max\" data-toolbar=\"bottom\" data-toolbar-fixed=\"off\">Declara\u00e7\u00e3o de Imposto de Renda<\/a>[\/vc_column_text][\/vc_column_inner][vc_column_inner el_class=&#8221;highlight&#8221; width=&#8221;1\/4&#8243; offset=&#8221;vc_col-lg-3 vc_col-md-6 vc_col-xs-12&#8243; css=&#8221;.vc_custom_1555521112184{padding-top: 10% !important;padding-right: 15% !important;padding-bottom: 5% !important;padding-left: 15% !important;background-color: #f5f5f5 !important;}&#8221;][vc_column_text]<a href=\"https:\/\/infolep.assembleia.pr.leg.br\/infolep\/wp-content\/uploads\/2019\/08\/RequerimentoAposentadoria.pdf\" target=\"_blank\" rel=\"noopener noreferrer\">Requerimento de Aposentadoria<\/a><\/p>\n<p><a href=\"https:\/\/infolep.assembleia.pr.leg.br\/infolep\/wp-content\/uploads\/2019\/08\/RequerimentoAposentadoria.pdf\" class=\"pdfemb-viewer\" style=\"\" data-width=\"max\" data-height=\"max\" data-toolbar=\"bottom\" data-toolbar-fixed=\"off\">aposentadoria<\/a>[\/vc_column_text][\/vc_column_inner][vc_column_inner el_class=&#8221;highlight&#8221; width=&#8221;1\/4&#8243; offset=&#8221;vc_col-lg-3 vc_col-md-6 vc_col-xs-12&#8243; css=&#8221;.vc_custom_1555521112184{padding-top: 10% !important;padding-right: 15% !important;padding-bottom: 5% !important;padding-left: 15% !important;background-color: #f5f5f5 !important;}&#8221;][vc_column_text]<a href=\"https:\/\/infolep.assembleia.pr.leg.br\/infolep\/wp-content\/uploads\/2019\/05\/RequerimentoFerias.pdf\" target=\"_blank\" rel=\"noopener noreferrer\">Requerimento de f\u00e9rias<\/a><\/p>\n<p><a href=\"https:\/\/infolep.assembleia.pr.leg.br\/infolep\/wp-content\/uploads\/2019\/05\/RequerimentoFerias.pdf\" class=\"pdfemb-viewer\" style=\"\" data-width=\"max\" data-height=\"max\" data-toolbar=\"bottom\" data-toolbar-fixed=\"off\">formulario-ferias<\/a>[\/vc_column_text][\/vc_column_inner][vc_column_inner el_class=&#8221;highlight&#8221; width=&#8221;1\/4&#8243; offset=&#8221;vc_col-lg-3 vc_col-md-6 vc_col-xs-12&#8243; css=&#8221;.vc_custom_1556823778581{padding-top: 10% !important;padding-right: 15% !important;padding-bottom: 5% !important;padding-left: 15% !important;background-color: #f5f5f5 !important;}&#8221;][vc_column_text css=&#8221;.vc_custom_1583328093757{background-color: #f5f5f5 !important;}&#8221;]<a href=\"https:\/\/infolep.assembleia.pr.leg.br\/infolep\/wp-content\/uploads\/2019\/05\/RequerimentoLicencaSemVencimentos.pdf\" target=\"_blank\" rel=\"noopener noreferrer\">Requerimento de Licen\u00e7a sem Vencimentos (Somente para Efetivos)<\/a><\/p>\n<p><a href=\"https:\/\/infolep.assembleia.pr.leg.br\/infolep\/wp-content\/uploads\/2019\/05\/RequerimentoLicencaSemVencimentos.pdf\" class=\"pdfemb-viewer\" style=\"\" data-width=\"max\" data-height=\"max\" data-toolbar=\"bottom\" data-toolbar-fixed=\"off\">formulario-sem-vcto<\/a>[\/vc_column_text][\/vc_column_inner][vc_column_inner el_class=&#8221;highlight&#8221; width=&#8221;1\/4&#8243; offset=&#8221;vc_col-lg-3 vc_col-md-6 vc_col-xs-12&#8243; css=&#8221;.vc_custom_1556823867245{padding-top: 10% !important;padding-right: 15% !important;padding-bottom: 5% !important;padding-left: 15% !important;background-color: #f5f5f5 !important;}&#8221;][vc_column_text]<a href=\"https:\/\/infolep.assembleia.pr.leg.br\/infolep\/wp-content\/uploads\/2019\/05\/RequerimentoLicencaEspecial.pdf\" target=\"_blank\" rel=\"noopener noreferrer\">Requerimento de Licen\u00e7a Especial<\/a><\/p>\n<p><a href=\"https:\/\/infolep.assembleia.pr.leg.br\/infolep\/wp-content\/uploads\/2019\/05\/RequerimentoLicencaEspecial.pdf\" class=\"pdfemb-viewer\" style=\"\" data-width=\"max\" data-height=\"max\" data-toolbar=\"bottom\" data-toolbar-fixed=\"off\">formulario-especial<\/a>[\/vc_column_text][\/vc_column_inner][vc_column_inner el_class=&#8221;highlight&#8221; width=&#8221;1\/4&#8243; offset=&#8221;vc_col-lg-3 vc_hidden-lg vc_col-md-6 vc_hidden-md vc_hidden-sm vc_col-xs-12 vc_hidden-xs&#8221; css=&#8221;.vc_custom_1664997854765{padding-top: 10% !important;padding-right: 15% !important;padding-bottom: 5% !important;padding-left: 15% !important;background-color: #f5f5f5 !important;}&#8221;][vc_column_text]<a href=\"https:\/\/infolep.assembleia.pr.leg.br\/infolep\/wp-content\/uploads\/2019\/05\/RequerimentoLicencaMedica.pdf\" target=\"_blank\" rel=\"noopener noreferrer\">Requerimento de Licen\u00e7a M\u00e9dica<\/a><\/p>\n<p><a href=\"https:\/\/infolep.assembleia.pr.leg.br\/infolep\/wp-content\/uploads\/2019\/05\/RequerimentoLicencaMedica.pdf\" class=\"pdfemb-viewer\" style=\"\" data-width=\"max\" data-height=\"max\" data-toolbar=\"bottom\" data-toolbar-fixed=\"off\">formulario-lic-medica<\/a>[\/vc_column_text][\/vc_column_inner][vc_column_inner el_class=&#8221;highlight&#8221; width=&#8221;1\/4&#8243; offset=&#8221;vc_col-lg-3 vc_col-md-6 vc_col-xs-12&#8243; css=&#8221;.vc_custom_1556823916157{padding-top: 10% !important;padding-right: 15% !important;padding-bottom: 5% !important;padding-left: 15% !important;background-color: #f5f5f5 !important;}&#8221;][vc_column_text]<a href=\"https:\/\/infolep.assembleia.pr.leg.br\/infolep\/wp-content\/uploads\/2019\/05\/DeclaracaoContaBancaria.pdf\" target=\"_blank\" rel=\"noopener noreferrer\">Declara\u00e7\u00e3o de Conta Banc\u00e1ria<\/a><\/p>\n<p><a href=\"https:\/\/infolep.assembleia.pr.leg.br\/infolep\/wp-content\/uploads\/2019\/05\/DeclaracaoContaBancaria.pdf\" class=\"pdfemb-viewer\" style=\"\" data-width=\"max\" data-height=\"max\" data-toolbar=\"bottom\" data-toolbar-fixed=\"off\">formulario-conta-bancaria<\/a>[\/vc_column_text][\/vc_column_inner][vc_column_inner el_class=&#8221;highlight&#8221; width=&#8221;1\/4&#8243; offset=&#8221;vc_col-lg-3 vc_col-md-6 vc_col-xs-12&#8243; css=&#8221;.vc_custom_1556823930789{padding-top: 10% !important;padding-right: 15% !important;padding-bottom: 5% !important;padding-left: 15% !important;background-color: #f5f5f5 !important;}&#8221;][vc_column_text]<a href=\"https:\/\/infolep.assembleia.pr.leg.br\/infolep\/wp-content\/uploads\/2019\/05\/RequerimentoDiversos.pdf\" target=\"_blank\" rel=\"noopener noreferrer\">Requerimentos Diversos<\/a><\/p>\n<p><a href=\"https:\/\/infolep.assembleia.pr.leg.br\/infolep\/wp-content\/uploads\/2019\/05\/RequerimentoDiversos.pdf\" class=\"pdfemb-viewer\" style=\"\" data-width=\"max\" data-height=\"max\" data-toolbar=\"bottom\" data-toolbar-fixed=\"off\">formulario-diversos<\/a>[\/vc_column_text][\/vc_column_inner][vc_column_inner el_class=&#8221;highlight&#8221; width=&#8221;1\/4&#8243; offset=&#8221;vc_col-lg-3 vc_col-md-6 vc_col-xs-12&#8243; css=&#8221;.vc_custom_1556823930789{padding-top: 10% !important;padding-right: 15% !important;padding-bottom: 5% !important;padding-left: 15% !important;background-color: #f5f5f5 !important;}&#8221;][vc_column_text]<a href=\"https:\/\/infolep.assembleia.pr.leg.br\/infolep\/wp-content\/uploads\/2019\/05\/RequerimentoReducaoCargaHoraria.pdf\" target=\"_blank\" rel=\"noopener noreferrer\">Requerimentos para Redu\u00e7\u00e3o de Carga Hor\u00e1ria<\/a><\/p>\n<p><a href=\"https:\/\/infolep.assembleia.pr.leg.br\/infolep\/wp-content\/uploads\/2019\/05\/RequerimentoReducaoCargaHoraria.pdf\" class=\"pdfemb-viewer\" style=\"\" data-width=\"max\" data-height=\"max\" data-toolbar=\"bottom\" data-toolbar-fixed=\"off\">formulario-diversos<\/a>[\/vc_column_text][\/vc_column_inner][vc_column_inner el_class=&#8221;highlight&#8221; width=&#8221;1\/4&#8243; offset=&#8221;vc_col-lg-3 vc_col-md-6 vc_col-xs-12&#8243; css=&#8221;.vc_custom_1556823930789{padding-top: 10% !important;padding-right: 15% !important;padding-bottom: 5% !important;padding-left: 15% !important;background-color: #f5f5f5 !important;}&#8221;][vc_column_text]<a href=\"https:\/\/infolep.assembleia.pr.leg.br\/infolep\/wp-content\/uploads\/2022\/10\/Verbas_Rescisorias.pdf\" target=\"_blank\" rel=\"noopener noreferrer\">Verbas Rescis\u00f3rias<\/a><\/p>\n<p><a href=\"https:\/\/infolep.assembleia.pr.leg.br\/infolep\/wp-content\/uploads\/2022\/10\/Verbas_Rescisorias.pdf\" class=\"pdfemb-viewer\" style=\"\" data-width=\"max\" data-height=\"max\" data-toolbar=\"bottom\" data-toolbar-fixed=\"off\">formulario-diversos<\/a>[\/vc_column_text][\/vc_column_inner][vc_column_inner el_class=&#8221;highlight&#8221; width=&#8221;1\/4&#8243; css=&#8221;.vc_custom_1762178910826{padding-top: 10% !important;padding-right: 15% !important;padding-bottom: 5% !important;padding-left: 15% !important;background-color: #f5f5f5 !important;}&#8221;][vc_column_text]<a href=\"https:\/\/infolep.assembleia.pr.leg.br\/infolep\/wp-content\/uploads\/2023\/10\/Formulario-Recadastramento-Efetivos.pdf\" target=\"_blank\" rel=\"noopener noreferrer\">Recadastramento Efetivos<\/a><\/p>\n<p><a href=\"https:\/\/infolep.assembleia.pr.leg.br\/infolep\/wp-content\/uploads\/2023\/10\/Formulario-Recadastramento-Efetivos.pdf\" class=\"pdfemb-viewer\" style=\"\" data-width=\"max\" data-height=\"max\" data-toolbar=\"bottom\" data-toolbar-fixed=\"off\">Declara\u00e7\u00e3o de Imposto de Renda<\/a>[\/vc_column_text][\/vc_column_inner][vc_column_inner el_class=&#8221;highlight&#8221; width=&#8221;1\/4&#8243; css=&#8221;.vc_custom_1762179078139{padding-top: 10% !important;padding-right: 15% !important;padding-bottom: 5% !important;padding-left: 15% !important;background-color: #F5F5F5 !important;}&#8221;][vc_column_text css=&#8221;.vc_custom_1767904761958{background-color: #F5F5F500 !important;}&#8221;]<a href=\"https:\/\/infolep.assembleia.pr.leg.br\/infolep\/wp-content\/uploads\/2026\/01\/DECLARACAO-DE-ADESAO-AO-PLANO-DE-PREVIDENCIA-COMPLEMENTAR.pdf\" target=\"_blank\" rel=\"noopener noreferrer\">Declara\u00e7\u00e3o de Ades\u00e3o \u00e0 Previd\u00eancia Complementar<\/a><\/p>\n<p><a href=\"https:\/\/infolep.assembleia.pr.leg.br\/infolep\/wp-content\/uploads\/2026\/01\/DECLARACAO-DE-ADESAO-AO-PLANO-DE-PREVIDENCIA-COMPLEMENTAR.pdf\" class=\"pdfemb-viewer\" style=\"\" data-width=\"max\" data-height=\"max\" data-toolbar=\"bottom\" data-toolbar-fixed=\"off\">Declara\u00e7\u00e3o de Ades\u00e3o \u00e0 Previd\u00eancia Complementar<\/a>[\/vc_column_text][\/vc_column_inner][vc_column_inner el_class=&#8221;highlight&#8221; width=&#8221;1\/4&#8243; css=&#8221;.vc_custom_1762178922673{padding-top: 10% !important;padding-right: 15% !important;padding-bottom: 5% !important;padding-left: 15% !important;background-color: #F5F5F5 !important;}&#8221;][vc_column_text css=&#8221;.vc_custom_1767904744255{background-color: #F5F5F5 !important;}&#8221;]<a href=\"https:\/\/infolep.assembleia.pr.leg.br\/infolep\/wp-content\/uploads\/2026\/01\/DECLARACAO-DE-NAO-ADESAO-AO-PLANO-DE-PREVIDENCIA-COMPLEMENTAR-2026.pdf\" target=\"_blank\" rel=\"noopener noreferrer\">Declara\u00e7\u00e3o de N\u00e3o Ades\u00e3o \u00e0 Previd\u00eancia Complementar<\/a><\/p>\n<p><a href=\"https:\/\/infolep.assembleia.pr.leg.br\/infolep\/wp-content\/uploads\/2026\/01\/DECLARACAO-DE-NAO-ADESAO-AO-PLANO-DE-PREVIDENCIA-COMPLEMENTAR-2026.pdf\" class=\"pdfemb-viewer\" style=\"\" data-width=\"max\" data-height=\"max\" data-toolbar=\"bottom\" data-toolbar-fixed=\"off\">DECLARACAO-DE-NAO-ADESAO-AO-PLANO-DE-PREVIDENCIA-COMPLEMENTAR-2026<\/a>[\/vc_column_text][\/vc_column_inner][\/vc_row_inner][\/vc_tta_section][\/vc_tta_pageable][\/vc_column][\/vc_row]<\/p>\n<\/div>","protected":false},"excerpt":{"rendered":"<p class=\"card-text\">[vc_row][vc_column css=&#8221;.vc_custom_1555510803131{padding-top: 3rem !important;padding-right: 15% !important;padding-bottom: 1.7rem !important;padding-left: 15% !important;}&#8221;][vc_text_separator title=&#8221;Formul\u00e1rios&#8221; border_width=&#8221;2&#8243;][\/vc_column][\/vc_row][vc_row][vc_column][vc_tta_pageable no_fill_content_area=&#8221;1&#8243; active_section=&#8221;1&#8243; pagination_color=&#8221;blue&#8221;][vc_tta_section title=&#8221;Se\u00e7\u00e3o 1&#8243; tab_id=&#8221;1555521038488-60598666-d451&#8243;][vc_row_inner equal_height=&#8221;yes&#8221; gap=&#8221;35&#8243; el_class=&#8221;row-icons&#8221; css=&#8221;.vc_custom_1555521125859{margin-bottom: 20px !important;}&#8221;][vc_column_inner el_class=&#8221;highlight&#8221; width=&#8221;1\/4&#8243; css=&#8221;.vc_custom_1682014586308{padding-top: 10% !important;padding-right: 15% !important;padding-bottom: 5% !important;padding-left: 15% !important;background-color: #f5f5f5 !important;}&#8221; offset=&#8221;vc_col-lg-3 vc_hidden-lg vc_col-md-6 vc_hidden-md vc_hidden-sm vc_col-xs-12 vc_hidden-xs&#8221;][vc_column_text]A.C.E. 1.129\/2016 &#8211; Anexo III [\/vc_column_text][\/vc_column_inner][vc_column_inner el_class=&#8221;highlight&#8221; width=&#8221;1\/4&#8243; css=&#8221;.vc_custom_1682014592988{padding-top: 10% !important;padding-right: 15% [&#8230;]<\/p>\n<p class=\"m-0\"><a class=\"btn btn-outline-secondary btn-read-more\" href=\"https:\/\/infolep.assembleia.pr.leg.br\/infolep\/formularios\/\">Read More<\/a><\/p>\n","protected":false},"author":1,"featured_media":0,"parent":0,"menu_order":6,"comment_status":"closed","ping_status":"closed","template":"","meta":{"footnotes":""},"class_list":["post-1819","page","type-page","status-publish","hentry"],"_links":{"self":[{"href":"https:\/\/infolep.assembleia.pr.leg.br\/infolep\/wp-json\/wp\/v2\/pages\/1819","targetHints":{"allow":["GET"]}}],"collection":[{"href":"https:\/\/infolep.assembleia.pr.leg.br\/infolep\/wp-json\/wp\/v2\/pages"}],"about":[{"href":"https:\/\/infolep.assembleia.pr.leg.br\/infolep\/wp-json\/wp\/v2\/types\/page"}],"author":[{"embeddable":true,"href":"https:\/\/infolep.assembleia.pr.leg.br\/infolep\/wp-json\/wp\/v2\/users\/1"}],"replies":[{"embeddable":true,"href":"https:\/\/infolep.assembleia.pr.leg.br\/infolep\/wp-json\/wp\/v2\/comments?post=1819"}],"version-history":[{"count":72,"href":"https:\/\/infolep.assembleia.pr.leg.br\/infolep\/wp-json\/wp\/v2\/pages\/1819\/revisions"}],"predecessor-version":[{"id":2928,"href":"https:\/\/infolep.assembleia.pr.leg.br\/infolep\/wp-json\/wp\/v2\/pages\/1819\/revisions\/2928"}],"wp:attachment":[{"href":"https:\/\/infolep.assembleia.pr.leg.br\/infolep\/wp-json\/wp\/v2\/media?parent=1819"}],"curies":[{"name":"wp","href":"https:\/\/api.w.org\/{rel}","templated":true}]}}